{"id":94,"date":"2020-12-11T09:28:02","date_gmt":"2020-12-11T09:28:02","guid":{"rendered":"https:\/\/osonakas.edu.ba\/?page_id=94"},"modified":"2021-01-26T10:22:14","modified_gmt":"2021-01-26T10:22:14","slug":"vijece-ucenika","status":"publish","type":"page","link":"https:\/\/osonakas.edu.ba\/?page_id=94","title":{"rendered":"Vije\u0107e u\u010denika"},"content":{"rendered":"<p style=\"text-align: center;\">PROGRAM RADA VIJE\u0106A U\u010cENIKA<\/p>\n<p style=\"text-align: center;\">u 2020\/2021. g.<\/p>\n<p>Funkcija Vije\u0107a u\u010denika je:<\/p>\n<p>&#8211; Promoviranje interesa \u0161kole u zajednici koju \u0161kola pokriva<\/p>\n<p>&#8211; Podsticanje na aktivniji anga\u017eman u\u010denika u radu \u0161kole<\/p>\n<p>&#8211; Ja\u010danje kulture prava i odgovornosti u \u0161koli<\/p>\n<p>&#8211; Poticanje zajedni\u0161tva i akcije solidarnosti<\/p>\n<p>&#8211; Uticaj u\u010denika na organizaciju i funkcionisanje \u0161kole<\/p>\n<p>&#8211; Preuzimanje odgovornosti za u\u010denje, radnje i odluke u \u0161kolskoj zajednici<\/p>\n<p>&#8211; Integracija mladih u aktivnosti \u0161kole i dru\u0161tvene sredine<\/p>\n<p>&#8211; Prakti\u010dno djelovanje koje doprinosi razvoju demokratije utemeljeno na pravima i odgovornostim. Detaljni propisi o funkcioniranju vije\u0107a u\u010denika, kao i druga prava i obaveze u\u010denika u radu odre\u0111uju se pravilima \u0161kole.<\/p>\n<p>SEPTEMBAR<\/p>\n<p>Prva konstituiraju\u0107a sjednica Vije\u0107a u\u010denika u 2018\/2019. godini (izbor predsjednika, zamjenika i zapisni\u010dara vije\u0107a)<br \/>\nPrezentiranje okvirnog plana rada za \u0161kolsku 2018\/\/2019. \u0161k. godinu i dogovor oko termina odr\u017eavanja Vije\u0107a u ovoj \u0161kolskoj godini<br \/>\nAnimiranje u\u010denika \u0161kole kroz rad predstavnika Vije\u0107a u\u010denika o odr\u017eavanju \u010disto\u0107e \u0161kolskih prostorija i dvori\u0161ta \u0161kole<br \/>\nPodsje\u0107anje u\u010denika na pravila pona\u0161anja u \u0161koli, ku\u0107ni red i pravila de\u017eure<br \/>\nTeku\u0107a pitanja<br \/>\nOKTOBAR<\/p>\n<p>Obilje\u017eavanje 2.10. Me\u0111unarodnog dana nenasilja kroz izradu plakata za panoe u \u0161koli, \u010diji je cilj razvijanje svijesti o \u0161tetnosti nasilnog pona\u0161anja u\u010denika<br \/>\nObilje\u017eavanje 05.10. Me\u0111unarodnog dana u\u010ditelja kroz \u010ditanje prigodnog teksta u odjeljenskim zajednicama<br \/>\nPokretanje akcija i aktivnosti \u010diji su inicijatori Vije\u0107e u\u010denika, a koje imaju humanitarni karakter<br \/>\nAnga\u017eman Vije\u0107a u\u010denika za uklju\u010divanje u\u010denika u vannastavne aktivnosti \u2013 U\u010de\u0161\u0107e u kulturnoj i javnoj djelatnosti \u0161kole<br \/>\nTeku\u0107a pitanja<br \/>\nNOVEMBAR<\/p>\n<p>Obilje\u017eavanje 20.11. Me\u0111unarodnog dana prava djeteta kroz izradu plakata i panoa sa porukama prevencije nasilja nad djecom<br \/>\nPra\u0107enje realizacije aktivnosti Vije\u0107a u\u010denika<br \/>\nKorupcija<br \/>\nTeku\u0107a pitanja<br \/>\nDECEMBAR<\/p>\n<p>Obilje\u017eavanje 3.12. me\u0111unarodnog dana osoba sa invaliditetom i 10.12. Dana ljudskih prava<br \/>\nAktivnosti Vije\u0107a u\u010denika vezane za animiranje u\u010denika na\u0161e \u0161kole za \u0161to bolji uspjeh u u\u010denju i vladanju na kraju I polugodi\u0161ta<br \/>\nPoticanje na ve\u0107i anga\u017eman \u010ditanja za vrijeme zimskog raspusta<br \/>\nTeku\u0107a pitanja<br \/>\nJANUAR<\/p>\n<p>FEBRUAR<\/p>\n<p>Analiza uspjeha u\u010denika u u\u010denju i vladanju na kraju I polugodi\u0161ta i mjere za prevazila\u017eenje eventualnih problema<br \/>\nObilje\u017eavanje 21.02. Me\u0111unarodnog dana maternjeg jezika \u2013 kroz rada Vije\u0107a ili na \u010dasovima odjeljenskih zajednica, poticanje zna\u010daja \u010ditanja<br \/>\nAktivnost \u201ePomozimo drugu\/drugarici\u201c-vr\u0161nja\u010dko u\u010denje<br \/>\nTeku\u0107a pitanja<br \/>\nMART<\/p>\n<p>Pokretanje akcije ure\u0111enja \u0161kolskog dvori\u0161ta povodom nastupaju\u0107eg prolje\u0107a<br \/>\nObilje\u017eavanje 7.4. Me\u0111unarodnog dana zdravlja: priprema panoa<br \/>\nDogovor o obilje\u017eavanju Dana Roma<br \/>\nTeku\u0107a pitanja<br \/>\nAPRIL<\/p>\n<p>Obilje\u017eavanje 8.4. Svjetskog dana Roma<br \/>\nObilje\u017eavanje 22.04. Dana planete Zemlje kroz izradu plakata i ure\u0111enje \u0161kolskih panoa i dvori\u0161ta<br \/>\nAktuelnosti<br \/>\nMAJ<\/p>\n<p>Analiza uspjeha u\u010denika u u\u010denju i vladanju u proteklom periodu i poticanje na pobolj\u0161anje uspjeha na kraju \u0161kolske godine<br \/>\nIzvje\u0161taj o realizaciji aktivnosti \u201ePomozimo drugu\/drugarici\u201c<br \/>\nTema: \u201eVolontiranje\u201c<br \/>\nTeku\u0107a pitanja<br \/>\nJUNI<\/p>\n<p>Analiza rada Vije\u0107a u\u010denika u \u0161kolskoj 2018\/2019. godini i planiranje aktivnosti za narednu \u0161kolsku godinu<br \/>\nTeku\u0107a pitanja<\/p>\n<p style=\"text-align: right;\">PEDAGOG<\/p>\n<p style=\"text-align: right;\">SAMRA GUHDIJA<\/p>\n","protected":false},"excerpt":{"rendered":"<p>PROGRAM RADA VIJE\u0106A U\u010cENIKA u 2020\/2021. g. Funkcija Vije\u0107a u\u010denika je: &#8211; Promoviranje interesa \u0161kole u zajednici koju \u0161kola pokriva &#8211; Podsticanje na aktivniji<\/p>\n","protected":false},"author":2,"featured_media":0,"parent":0,"menu_order":0,"comment_status":"closed","ping_status":"closed","template":"","meta":[],"yoast_head":"<!-- This site is optimized with the Yoast SEO plugin v17.3 - https:\/\/yoast.com\/wordpress\/plugins\/seo\/ -->\n<title>Vije\u0107e u\u010denika - Osnovna \u0161kola &quot;Osman Naka\u0161&quot;<\/title>\n<meta name=\"robots\" content=\"index, follow, max-snippet:-1, max-image-preview:large, max-video-preview:-1\" \/>\n<link rel=\"canonical\" href=\"https:\/\/osonakas.edu.ba\/?page_id=94\" \/>\n<meta property=\"og:locale\" content=\"bs_BA\" \/>\n<meta property=\"og:type\" content=\"article\" \/>\n<meta property=\"og:title\" content=\"Vije\u0107e u\u010denika - Osnovna \u0161kola &quot;Osman Naka\u0161&quot;\" \/>\n<meta property=\"og:description\" content=\"PROGRAM RADA VIJE\u0106A U\u010cENIKA u 2020\/2021. g. Funkcija Vije\u0107a u\u010denika je: &#8211; Promoviranje interesa \u0161kole u zajednici koju \u0161kola pokriva &#8211; Podsticanje na aktivniji\" \/>\n<meta property=\"og:url\" content=\"https:\/\/osonakas.edu.ba\/?page_id=94\" \/>\n<meta property=\"og:site_name\" content=\"Osnovna \u0161kola &quot;Osman Naka\u0161&quot;\" \/>\n<meta property=\"article:modified_time\" content=\"2021-01-26T10:22:14+00:00\" \/>\n<meta name=\"twitter:card\" content=\"summary_large_image\" \/>\n<meta name=\"twitter:label1\" content=\"Est. reading time\" \/>\n\t<meta name=\"twitter:data1\" content=\"3 minute\" \/>\n<script type=\"application\/ld+json\" class=\"yoast-schema-graph\">{\"@context\":\"https:\/\/schema.org\",\"@graph\":[{\"@type\":\"WebSite\",\"@id\":\"https:\/\/osonakas.edu.ba\/#website\",\"url\":\"https:\/\/osonakas.edu.ba\/\",\"name\":\"Osnovna \\u0161kola &quot;Osman Naka\\u0161&quot;\",\"description\":\"Ne u\\u010dimo za \\u0161kolu, nego za \\u017eivot.\",\"potentialAction\":[{\"@type\":\"SearchAction\",\"target\":{\"@type\":\"EntryPoint\",\"urlTemplate\":\"https:\/\/osonakas.edu.ba\/?s={search_term_string}\"},\"query-input\":\"required name=search_term_string\"}],\"inLanguage\":\"bs-BA\"},{\"@type\":\"WebPage\",\"@id\":\"https:\/\/osonakas.edu.ba\/?page_id=94#webpage\",\"url\":\"https:\/\/osonakas.edu.ba\/?page_id=94\",\"name\":\"Vije\\u0107e u\\u010denika - Osnovna \\u0161kola &quot;Osman Naka\\u0161&quot;\",\"isPartOf\":{\"@id\":\"https:\/\/osonakas.edu.ba\/#website\"},\"datePublished\":\"2020-12-11T09:28:02+00:00\",\"dateModified\":\"2021-01-26T10:22:14+00:00\",\"breadcrumb\":{\"@id\":\"https:\/\/osonakas.edu.ba\/?page_id=94#breadcrumb\"},\"inLanguage\":\"bs-BA\",\"potentialAction\":[{\"@type\":\"ReadAction\",\"target\":[\"https:\/\/osonakas.edu.ba\/?page_id=94\"]}]},{\"@type\":\"BreadcrumbList\",\"@id\":\"https:\/\/osonakas.edu.ba\/?page_id=94#breadcrumb\",\"itemListElement\":[{\"@type\":\"ListItem\",\"position\":1,\"name\":\"Dom\",\"item\":\"https:\/\/osonakas.edu.ba\/\"},{\"@type\":\"ListItem\",\"position\":2,\"name\":\"Vije\\u0107e u\\u010denika\"}]}]}<\/script>\n<!-- \/ Yoast SEO plugin. -->","yoast_head_json":{"title":"Vije\u0107e u\u010denika - Osnovna \u0161kola &quot;Osman Naka\u0161&quot;","robots":{"index":"index","follow":"follow","max-snippet":"max-snippet:-1","max-image-preview":"max-image-preview:large","max-video-preview":"max-video-preview:-1"},"canonical":"https:\/\/osonakas.edu.ba\/?page_id=94","og_locale":"bs_BA","og_type":"article","og_title":"Vije\u0107e u\u010denika - Osnovna \u0161kola &quot;Osman Naka\u0161&quot;","og_description":"PROGRAM RADA VIJE\u0106A U\u010cENIKA u 2020\/2021. g. Funkcija Vije\u0107a u\u010denika je: &#8211; Promoviranje interesa \u0161kole u zajednici koju \u0161kola pokriva &#8211; Podsticanje na aktivniji","og_url":"https:\/\/osonakas.edu.ba\/?page_id=94","og_site_name":"Osnovna \u0161kola &quot;Osman Naka\u0161&quot;","article_modified_time":"2021-01-26T10:22:14+00:00","twitter_card":"summary_large_image","twitter_misc":{"Est. reading time":"3 minute"},"schema":{"@context":"https:\/\/schema.org","@graph":[{"@type":"WebSite","@id":"https:\/\/osonakas.edu.ba\/#website","url":"https:\/\/osonakas.edu.ba\/","name":"Osnovna \u0161kola &quot;Osman Naka\u0161&quot;","description":"Ne u\u010dimo za \u0161kolu, nego za \u017eivot.","potentialAction":[{"@type":"SearchAction","target":{"@type":"EntryPoint","urlTemplate":"https:\/\/osonakas.edu.ba\/?s={search_term_string}"},"query-input":"required name=search_term_string"}],"inLanguage":"bs-BA"},{"@type":"WebPage","@id":"https:\/\/osonakas.edu.ba\/?page_id=94#webpage","url":"https:\/\/osonakas.edu.ba\/?page_id=94","name":"Vije\u0107e u\u010denika - Osnovna \u0161kola &quot;Osman Naka\u0161&quot;","isPartOf":{"@id":"https:\/\/osonakas.edu.ba\/#website"},"datePublished":"2020-12-11T09:28:02+00:00","dateModified":"2021-01-26T10:22:14+00:00","breadcrumb":{"@id":"https:\/\/osonakas.edu.ba\/?page_id=94#breadcrumb"},"inLanguage":"bs-BA","potentialAction":[{"@type":"ReadAction","target":["https:\/\/osonakas.edu.ba\/?page_id=94"]}]},{"@type":"BreadcrumbList","@id":"https:\/\/osonakas.edu.ba\/?page_id=94#breadcrumb","itemListElement":[{"@type":"ListItem","position":1,"name":"Dom","item":"https:\/\/osonakas.edu.ba\/"},{"@type":"ListItem","position":2,"name":"Vije\u0107e u\u010denika"}]}]}},"_links":{"self":[{"href":"https:\/\/osonakas.edu.ba\/index.php?rest_route=\/wp\/v2\/pages\/94"}],"collection":[{"href":"https:\/\/osonakas.edu.ba\/index.php?rest_route=\/wp\/v2\/pages"}],"about":[{"href":"https:\/\/osonakas.edu.ba\/index.php?rest_route=\/wp\/v2\/types\/page"}],"author":[{"embeddable":true,"href":"https:\/\/osonakas.edu.ba\/index.php?rest_route=\/wp\/v2\/users\/2"}],"replies":[{"embeddable":true,"href":"https:\/\/osonakas.edu.ba\/index.php?rest_route=%2Fwp%2Fv2%2Fcomments&post=94"}],"version-history":[{"count":4,"href":"https:\/\/osonakas.edu.ba\/index.php?rest_route=\/wp\/v2\/pages\/94\/revisions"}],"predecessor-version":[{"id":509,"href":"https:\/\/osonakas.edu.ba\/index.php?rest_route=\/wp\/v2\/pages\/94\/revisions\/509"}],"wp:attachment":[{"href":"https:\/\/osonakas.edu.ba\/index.php?rest_route=%2Fwp%2Fv2%2Fmedia&parent=94"}],"curies":[{"name":"wp","href":"https:\/\/api.w.org\/{rel}","templated":true}]}}