{"id":46,"date":"2020-12-11T08:02:53","date_gmt":"2020-12-11T08:02:53","guid":{"rendered":"https:\/\/osonakas.edu.ba\/?page_id=46"},"modified":"2020-12-15T09:35:06","modified_gmt":"2020-12-15T09:35:06","slug":"o-skoli","status":"publish","type":"page","link":"https:\/\/osonakas.edu.ba\/?page_id=46","title":{"rendered":"O \u0161koli"},"content":{"rendered":"<p>30. maja 1967. godine postavljen je kamen temeljac za izgradnju \u0161kole pod pokroviteljstvom &#8220;Vranice&#8221;, da bi njeno sve\u010dano otvaranje bilo 11. septembra 1967. godine, kada je njen prvobitni naziv bio Osnovna \u0161kola &#8220;Petar Doki\u0107&#8221;. Otvaranju su prisustvovali istaknuti predstavnici dru\u0161tveno-politi\u010dkih organizacija, u\u010desnici izgradnje \u0161kole, u\u010denici i roditelji.<\/p>\n<p>Osnovna \u0161kola &#8220;Osman Naka\u0161&#8221;, ime poznatog slikara, minijaturiste iz 16. vijeka, nosi od 1994. g.<\/p>\n<p>18. 08. 1994. godine Odlukom Skup\u0161tine Op\u0107ine Novi Grad broj 01\/1-540\/94, izv\u0161ena je izmjena naziva \u0161kole &#8220;Petar Doki\u0107&#8221; u naziv Osnovna \u0161kola &#8220;Osman Naka\u0161&#8221; Sarajevo<\/p>\n<p>Osman Naka\u0161 (Nakka\u015f Osman) (ponekad se naziva Osman minijaturist) je glavni minijaturist za Osmansko Carstvo tokom druge polovice XVI  stolje\u0107a. \ufeffDatumi njegovog ro\u0111enja i smrti slabo su poznati, ali ve\u0107ina njegovih djela datira u posljednjoj \u010detvrtini XVI stolje\u0107a. On je poznat kao glavni ilustrator  u XVI stolje\u0107u za ilustracije proizvedene u tom razdoblju napisao je Sejjid Lokman , uklju\u010duju\u0107i Zafername. Bio je tako\u0111er jedan od ilustratora iz Siyer-i Nebi, ep o \u017eivotu Muhammeda pisane oko 1388, zatim ilustracije iz 1595. \ufeff<\/p>\n<p>Osmanov  ilustrativni stil je opisan kao &#8220;obi\u010dan, ali perceptivan&#8221;. \ufeffNjegove ilustracije pokazuju opreznu pozornost na najvi\u0161e detalje, prikazuje zbivanja u realnom stilu. \ufeffNjegov rad pod utjecajem nove generacije slikara u Osmanskom carstvu, smatra se va\u017enim djelom ovog razdoblja jer potje\u010de od njegova stila.<\/p>\n<p>Tokom svih godina postojanja, \u0161kola je primila niz priznanja za osvojena mjesta na takmi\u010denjima, bio nagra\u0111en kolektiv za veoma dobre rezultate postignute u radu i ukupnom razvoju op\u0161tine, da bi 1998. godine bila progla\u0161ena za najbolju u \u0161k. 1997\/98. godini na osnovu rezultata postignutih u realizaciji Nastavnog plana i programa u oblasti odgoja i obrazovanja, a u okviru godi\u0161njeg takmi\u010denja svih osnovnih \u0161kola.<\/p>\n<p>Na\u0161a \u0161kola je uvijek bila otvorena za sve aktivnosti u gradu i \u0161ire. U\u010destvovali smo u sprovo\u0111enju radnih akcija \u010di\u0161\u0107enja naselja i okoline, radili na ozelenjavanju naselja, ali i prisustvovali koncertima, odlazili u pozori\u0161te, na zajedni\u010dke izlete \u0161kole, zimovanja, obilje\u017eavali zna\u010dajne datume, te bili humani i solidarni kad god je to bilo potrebno.<\/p>\n<p>Ne\u0161to detaljnije i preciznije podatke o uspjesima na\u0161ih u\u010denika i de\u0161avanjima koja su obilje\u017eena u na\u0161oj \u0161koli mo\u017eete saznati iz Ljetopisa \u0161kole.<\/p>\n","protected":false},"excerpt":{"rendered":"<p>30. maja 1967. godine postavljen je kamen temeljac za izgradnju \u0161kole pod pokroviteljstvom &#8220;Vranice&#8221;, da bi njeno sve\u010dano otvaranje bilo 11. septembra 1967. godine,<\/p>\n","protected":false},"author":2,"featured_media":134,"parent":0,"menu_order":0,"comment_status":"closed","ping_status":"closed","template":"","meta":[],"yoast_head":"<!-- This site is optimized with the Yoast SEO plugin v17.3 - https:\/\/yoast.com\/wordpress\/plugins\/seo\/ -->\n<title>O \u0161koli - Osnovna \u0161kola &quot;Osman Naka\u0161&quot;<\/title>\n<meta name=\"robots\" content=\"index, follow, max-snippet:-1, max-image-preview:large, max-video-preview:-1\" \/>\n<link rel=\"canonical\" href=\"https:\/\/osonakas.edu.ba\/?page_id=46\" \/>\n<meta property=\"og:locale\" content=\"bs_BA\" \/>\n<meta property=\"og:type\" content=\"article\" \/>\n<meta property=\"og:title\" content=\"O \u0161koli - Osnovna \u0161kola &quot;Osman Naka\u0161&quot;\" \/>\n<meta property=\"og:description\" content=\"30. maja 1967. godine postavljen je kamen temeljac za izgradnju \u0161kole pod pokroviteljstvom &#8220;Vranice&#8221;, da bi njeno sve\u010dano otvaranje bilo 11. septembra 1967. godine,\" \/>\n<meta property=\"og:url\" content=\"https:\/\/osonakas.edu.ba\/?page_id=46\" \/>\n<meta property=\"og:site_name\" content=\"Osnovna \u0161kola &quot;Osman Naka\u0161&quot;\" \/>\n<meta property=\"article:modified_time\" content=\"2020-12-15T09:35:06+00:00\" \/>\n<meta property=\"og:image\" content=\"https:\/\/osonakas.edu.ba\/wp-content\/uploads\/2020\/12\/BISTA.jpg\" \/>\n\t<meta property=\"og:image:width\" content=\"336\" \/>\n\t<meta property=\"og:image:height\" content=\"448\" \/>\n<meta name=\"twitter:card\" content=\"summary_large_image\" \/>\n<meta name=\"twitter:label1\" content=\"Est. reading time\" \/>\n\t<meta name=\"twitter:data1\" content=\"2 minute\" \/>\n<script type=\"application\/ld+json\" class=\"yoast-schema-graph\">{\"@context\":\"https:\/\/schema.org\",\"@graph\":[{\"@type\":\"WebSite\",\"@id\":\"https:\/\/osonakas.edu.ba\/#website\",\"url\":\"https:\/\/osonakas.edu.ba\/\",\"name\":\"Osnovna \\u0161kola &quot;Osman Naka\\u0161&quot;\",\"description\":\"Ne u\\u010dimo za \\u0161kolu, nego za \\u017eivot.\",\"potentialAction\":[{\"@type\":\"SearchAction\",\"target\":{\"@type\":\"EntryPoint\",\"urlTemplate\":\"https:\/\/osonakas.edu.ba\/?s={search_term_string}\"},\"query-input\":\"required name=search_term_string\"}],\"inLanguage\":\"bs-BA\"},{\"@type\":\"ImageObject\",\"@id\":\"https:\/\/osonakas.edu.ba\/?page_id=46#primaryimage\",\"inLanguage\":\"bs-BA\",\"url\":\"https:\/\/osonakas.edu.ba\/wp-content\/uploads\/2020\/12\/BISTA.jpg\",\"contentUrl\":\"https:\/\/osonakas.edu.ba\/wp-content\/uploads\/2020\/12\/BISTA.jpg\",\"width\":336,\"height\":448},{\"@type\":\"WebPage\",\"@id\":\"https:\/\/osonakas.edu.ba\/?page_id=46#webpage\",\"url\":\"https:\/\/osonakas.edu.ba\/?page_id=46\",\"name\":\"O \\u0161koli - Osnovna \\u0161kola &quot;Osman Naka\\u0161&quot;\",\"isPartOf\":{\"@id\":\"https:\/\/osonakas.edu.ba\/#website\"},\"primaryImageOfPage\":{\"@id\":\"https:\/\/osonakas.edu.ba\/?page_id=46#primaryimage\"},\"datePublished\":\"2020-12-11T08:02:53+00:00\",\"dateModified\":\"2020-12-15T09:35:06+00:00\",\"breadcrumb\":{\"@id\":\"https:\/\/osonakas.edu.ba\/?page_id=46#breadcrumb\"},\"inLanguage\":\"bs-BA\",\"potentialAction\":[{\"@type\":\"ReadAction\",\"target\":[\"https:\/\/osonakas.edu.ba\/?page_id=46\"]}]},{\"@type\":\"BreadcrumbList\",\"@id\":\"https:\/\/osonakas.edu.ba\/?page_id=46#breadcrumb\",\"itemListElement\":[{\"@type\":\"ListItem\",\"position\":1,\"name\":\"Dom\",\"item\":\"https:\/\/osonakas.edu.ba\/\"},{\"@type\":\"ListItem\",\"position\":2,\"name\":\"O \\u0161koli\"}]}]}<\/script>\n<!-- \/ Yoast SEO plugin. -->","yoast_head_json":{"title":"O \u0161koli - Osnovna \u0161kola &quot;Osman Naka\u0161&quot;","robots":{"index":"index","follow":"follow","max-snippet":"max-snippet:-1","max-image-preview":"max-image-preview:large","max-video-preview":"max-video-preview:-1"},"canonical":"https:\/\/osonakas.edu.ba\/?page_id=46","og_locale":"bs_BA","og_type":"article","og_title":"O \u0161koli - Osnovna \u0161kola &quot;Osman Naka\u0161&quot;","og_description":"30. maja 1967. godine postavljen je kamen temeljac za izgradnju \u0161kole pod pokroviteljstvom &#8220;Vranice&#8221;, da bi njeno sve\u010dano otvaranje bilo 11. septembra 1967. godine,","og_url":"https:\/\/osonakas.edu.ba\/?page_id=46","og_site_name":"Osnovna \u0161kola &quot;Osman Naka\u0161&quot;","article_modified_time":"2020-12-15T09:35:06+00:00","og_image":[{"width":336,"height":448,"url":"https:\/\/osonakas.edu.ba\/wp-content\/uploads\/2020\/12\/BISTA.jpg","type":"image\/jpeg"}],"twitter_card":"summary_large_image","twitter_misc":{"Est. reading time":"2 minute"},"schema":{"@context":"https:\/\/schema.org","@graph":[{"@type":"WebSite","@id":"https:\/\/osonakas.edu.ba\/#website","url":"https:\/\/osonakas.edu.ba\/","name":"Osnovna \u0161kola &quot;Osman Naka\u0161&quot;","description":"Ne u\u010dimo za \u0161kolu, nego za \u017eivot.","potentialAction":[{"@type":"SearchAction","target":{"@type":"EntryPoint","urlTemplate":"https:\/\/osonakas.edu.ba\/?s={search_term_string}"},"query-input":"required name=search_term_string"}],"inLanguage":"bs-BA"},{"@type":"ImageObject","@id":"https:\/\/osonakas.edu.ba\/?page_id=46#primaryimage","inLanguage":"bs-BA","url":"https:\/\/osonakas.edu.ba\/wp-content\/uploads\/2020\/12\/BISTA.jpg","contentUrl":"https:\/\/osonakas.edu.ba\/wp-content\/uploads\/2020\/12\/BISTA.jpg","width":336,"height":448},{"@type":"WebPage","@id":"https:\/\/osonakas.edu.ba\/?page_id=46#webpage","url":"https:\/\/osonakas.edu.ba\/?page_id=46","name":"O \u0161koli - Osnovna \u0161kola &quot;Osman Naka\u0161&quot;","isPartOf":{"@id":"https:\/\/osonakas.edu.ba\/#website"},"primaryImageOfPage":{"@id":"https:\/\/osonakas.edu.ba\/?page_id=46#primaryimage"},"datePublished":"2020-12-11T08:02:53+00:00","dateModified":"2020-12-15T09:35:06+00:00","breadcrumb":{"@id":"https:\/\/osonakas.edu.ba\/?page_id=46#breadcrumb"},"inLanguage":"bs-BA","potentialAction":[{"@type":"ReadAction","target":["https:\/\/osonakas.edu.ba\/?page_id=46"]}]},{"@type":"BreadcrumbList","@id":"https:\/\/osonakas.edu.ba\/?page_id=46#breadcrumb","itemListElement":[{"@type":"ListItem","position":1,"name":"Dom","item":"https:\/\/osonakas.edu.ba\/"},{"@type":"ListItem","position":2,"name":"O \u0161koli"}]}]}},"_links":{"self":[{"href":"https:\/\/osonakas.edu.ba\/index.php?rest_route=\/wp\/v2\/pages\/46"}],"collection":[{"href":"https:\/\/osonakas.edu.ba\/index.php?rest_route=\/wp\/v2\/pages"}],"about":[{"href":"https:\/\/osonakas.edu.ba\/index.php?rest_route=\/wp\/v2\/types\/page"}],"author":[{"embeddable":true,"href":"https:\/\/osonakas.edu.ba\/index.php?rest_route=\/wp\/v2\/users\/2"}],"replies":[{"embeddable":true,"href":"https:\/\/osonakas.edu.ba\/index.php?rest_route=%2Fwp%2Fv2%2Fcomments&post=46"}],"version-history":[{"count":2,"href":"https:\/\/osonakas.edu.ba\/index.php?rest_route=\/wp\/v2\/pages\/46\/revisions"}],"predecessor-version":[{"id":235,"href":"https:\/\/osonakas.edu.ba\/index.php?rest_route=\/wp\/v2\/pages\/46\/revisions\/235"}],"wp:featuredmedia":[{"embeddable":true,"href":"https:\/\/osonakas.edu.ba\/index.php?rest_route=\/wp\/v2\/media\/134"}],"wp:attachment":[{"href":"https:\/\/osonakas.edu.ba\/index.php?rest_route=%2Fwp%2Fv2%2Fmedia&parent=46"}],"curies":[{"name":"wp","href":"https:\/\/api.w.org\/{rel}","templated":true}]}}